{"id":52,"date":"2010-08-16T11:30:02","date_gmt":"2010-08-16T09:30:02","guid":{"rendered":"http:\/\/lebonheurdeshotes.fr\/WordPress\/?page_id=52"},"modified":"2019-06-19T18:12:09","modified_gmt":"2019-06-19T16:12:09","slug":"chambres","status":"publish","type":"page","link":"https:\/\/lesvillasdherve.fr\/WordPress3\/chambres\/","title":{"rendered":"Les chambres"},"content":{"rendered":"<p>65 chambres simples (20 m\u00b2) et deux chambres doubles (30 m\u00b2) sont \u00e9quip\u00e9es d&rsquo;un cabinet de toilette aux normes handicap\u00e9es (douche, WC, lavabo), de prises de t\u00e9l\u00e9vision, de t\u00e9l\u00e9phone et de sonnettes Les chambres sont pourvues de mobilier stylis\u00e9 (lit m\u00e9dicalis\u00e9, bureau, fauteuil, chaise, chevet). Vous avez la possibilit\u00e9 de personnaliser votre chambre en y apportant les objets de votre choix.<\/p>\n<p style=\"text-align: center;\"><img loading=\"lazy\" decoding=\"async\" class=\"ngg-singlepic ngg-center aligncenter\" title=\"EHPAD les Villas d'Herv\u00e9 - les chambres\" src=\"https:\/\/lesvillasdherve.fr\/WordPress3\/wp-content\/gallery\/photossite\/chambres.jpg\" alt=\"chambres\" width=\"726\" height=\"136\"><\/p>\n<h2><span style=\"color: #800000;\">L&rsquo;unit\u00e9 prot\u00e9g\u00e9e<\/span><\/h2>\n<p>D&rsquo;une capacit\u00e9 de 10 lits d&rsquo;h\u00e9bergement permanent et de 4 lits d&rsquo;h\u00e9bergement temporaire, l\u2019unit\u00e9 prot\u00e9g\u00e9e permet d&rsquo;accueillir des personnes d\u00e9sorient\u00e9es d\u00e9ambulantes.<br \/>\nLes r\u00e9sidents sont h\u00e9berg\u00e9s en chambres simples dans un espace s\u00e9curis\u00e9 avec un couloir de d\u00e9ambulation, salle d&rsquo;activit\u00e9s, salon, cuisine th\u00e9rapeutique.<br \/>\nUn acc\u00e8s sur parc ext\u00e9rieur \u00e9galement s\u00e9curis\u00e9 permet les promenades et les activit\u00e9s de plein air.<br \/>\nUne \u00e9quipe soignante form\u00e9e \u00e0 la prise en charge de la maladie d&rsquo;Alzheimer travaille dans l&rsquo;unit\u00e9 prot\u00e9g\u00e9e. Les promenades individuelles en s\u00e9curit\u00e9 favorisent la d\u00e9tente et l&rsquo;apaisement.<\/p>\n<p style=\"text-align: center;\"><img loading=\"lazy\" decoding=\"async\" class=\"ngg-singlepic ngg-center aligncenter\" title=\"EHPAD les Villas d'Herv\u00e9 - Unit\u00e9 prot\u00e9g\u00e9e\" src=\"https:\/\/lesvillasdherve.fr\/WordPress3\/wp-content\/gallery\/photossite\/unite_protegee.jpg\" alt=\"unite_protegee\" width=\"482\" height=\"136\"><\/p>\n","protected":false},"excerpt":{"rendered":"<p>65 chambres simples (20 m\u00b2) et deux chambres doubles (30 m\u00b2) sont \u00e9quip\u00e9es d&rsquo;un cabinet de toilette aux normes handicap\u00e9es (douche, WC, lavabo), de prises de t\u00e9l\u00e9vision, de t\u00e9l\u00e9phone et de sonnettes Les chambres sont pourvues de mobilier stylis\u00e9 (lit m\u00e9dicalis\u00e9, bureau, fauteuil, chaise, chevet). Vous avez la possibilit\u00e9 de personnaliser votre chambre en y [&hellip;]<\/p>\n","protected":false},"author":1,"featured_media":0,"parent":0,"menu_order":4,"comment_status":"closed","ping_status":"closed","template":"","meta":{"footnotes":""},"class_list":["post-52","page","type-page","status-publish","hentry","post-preview"],"aioseo_notices":[],"_links":{"self":[{"href":"https:\/\/lesvillasdherve.fr\/WordPress3\/wp-json\/wp\/v2\/pages\/52","targetHints":{"allow":["GET"]}}],"collection":[{"href":"https:\/\/lesvillasdherve.fr\/WordPress3\/wp-json\/wp\/v2\/pages"}],"about":[{"href":"https:\/\/lesvillasdherve.fr\/WordPress3\/wp-json\/wp\/v2\/types\/page"}],"author":[{"embeddable":true,"href":"https:\/\/lesvillasdherve.fr\/WordPress3\/wp-json\/wp\/v2\/users\/1"}],"replies":[{"embeddable":true,"href":"https:\/\/lesvillasdherve.fr\/WordPress3\/wp-json\/wp\/v2\/comments?post=52"}],"version-history":[{"count":2,"href":"https:\/\/lesvillasdherve.fr\/WordPress3\/wp-json\/wp\/v2\/pages\/52\/revisions"}],"predecessor-version":[{"id":822,"href":"https:\/\/lesvillasdherve.fr\/WordPress3\/wp-json\/wp\/v2\/pages\/52\/revisions\/822"}],"wp:attachment":[{"href":"https:\/\/lesvillasdherve.fr\/WordPress3\/wp-json\/wp\/v2\/media?parent=52"}],"curies":[{"name":"wp","href":"https:\/\/api.w.org\/{rel}","templated":true}]}}