{"id":99,"date":"2010-08-16T14:55:01","date_gmt":"2010-08-16T12:55:01","guid":{"rendered":"http:\/\/lebonheurdeshotes.fr\/WordPress\/?page_id=99"},"modified":"2019-06-19T18:10:13","modified_gmt":"2019-06-19T16:10:13","slug":"espaces-de-vie","status":"publish","type":"page","link":"https:\/\/lesvillasdherve.fr\/WordPress3\/espaces-de-vie\/","title":{"rendered":"Espaces de vie"},"content":{"rendered":"<h3><span style=\"color: #800000;\"> &#8230; pour le bien-\u00eatre des r\u00e9sidents<br><br><\/span><br><a href=\"https:\/\/lesvillasdherve.fr\/WordPress3\/wp-content\/uploads\/2010\/08\/Hall_d_accueil.jpg\"><img loading=\"lazy\" decoding=\"async\" class=\"alignleft wp-image-469 size-full\" src=\"https:\/\/lesvillasdherve.fr\/WordPress3\/wp-content\/uploads\/2010\/08\/Hall_d_accueil.jpg\" alt=\"\" width=\"200\" height=\"150\"><\/a><\/h3>\n<p><strong>Le hall d\u2019accueil&nbsp;<\/strong>est le lieu de premi\u00e8re rencontre avec l\u2019\u00e9tablissement. Un agent d\u2019accueil est pr\u00e9sent pour r\u00e9pondre \u00e0 toutes vos questions.&nbsp;<\/p>\n<p>&nbsp;<\/p>\n<p><img loading=\"lazy\" decoding=\"async\" class=\"alignright size-full wp-image-470\" src=\"https:\/\/lesvillasdherve.fr\/WordPress3\/wp-content\/uploads\/2010\/08\/salle_animation.jpg\" alt=\"salle d'animation\" width=\"200\" height=\"150\"><\/p>\n<p><strong>La salle d\u2019animation<\/strong>&nbsp;est toujours ouverte pour les activit\u00e9s quotidiennes et les manifestations th\u00e9matiques (anniversaires, f\u00eates calendaires, soir\u00e9es musicales, rencontres interg\u00e9n\u00e9rationnelles\u2026).&nbsp;<\/p>\n<p>&nbsp;<\/p>\n<p style=\"text-align: left;\"><strong style=\"font-size: inherit;\">&nbsp;Les salons privatifs<\/strong><span style=\"font-size: inherit;\"> favorisent les relations en petits groupes, les rencontres avec les familles et les animations individuelles.<\/span><\/p>\n\n\t\t<style type=\"text\/css\">\n\t\t\t#gallery-1 {\n\t\t\t\tmargin: auto;\n\t\t\t}\n\t\t\t#gallery-1 .gallery-item {\n\t\t\t\tfloat: left;\n\t\t\t\tmargin-top: 10px;\n\t\t\t\ttext-align: center;\n\t\t\t\twidth: 25%;\n\t\t\t}\n\t\t\t#gallery-1 img {\n\t\t\t\tborder: 2px solid #cfcfcf;\n\t\t\t}\n\t\t\t#gallery-1 .gallery-caption {\n\t\t\t\tmargin-left: 0;\n\t\t\t}\n\t\t\t\/* see gallery_shortcode() in wp-includes\/media.php *\/\n\t\t<\/style>\n\t\t<div id='gallery-1' class='gallery galleryid-99 gallery-columns-4 gallery-size-thumbnail'><dl class='gallery-item'>\n\t\t\t<dt class='gallery-icon landscape'>\n\t\t\t\t<a href='https:\/\/lesvillasdherve.fr\/WordPress3\/espaces-de-vie\/salon_sologne\/'><img loading=\"lazy\" decoding=\"async\" width=\"150\" height=\"150\" src=\"https:\/\/lesvillasdherve.fr\/WordPress3\/wp-content\/uploads\/2019\/06\/salon_sologne-1-150x150.jpg\" class=\"attachment-thumbnail size-thumbnail\" alt=\"\" aria-describedby=\"gallery-1-817\" \/><\/a>\n\t\t\t<\/dt>\n\t\t\t\t<dd class='wp-caption-text gallery-caption' id='gallery-1-817'>\n\t\t\t\tSalon Sologne\n\t\t\t\t<\/dd><\/dl><dl class='gallery-item'>\n\t\t\t<dt class='gallery-icon landscape'>\n\t\t\t\t<a href='https:\/\/lesvillasdherve.fr\/WordPress3\/espaces-de-vie\/salon_provence\/'><img loading=\"lazy\" decoding=\"async\" width=\"150\" height=\"150\" src=\"https:\/\/lesvillasdherve.fr\/WordPress3\/wp-content\/uploads\/2019\/06\/salon_provence-1-150x150.jpg\" class=\"attachment-thumbnail size-thumbnail\" alt=\"\" aria-describedby=\"gallery-1-816\" \/><\/a>\n\t\t\t<\/dt>\n\t\t\t\t<dd class='wp-caption-text gallery-caption' id='gallery-1-816'>\n\t\t\t\tSalon Provence\n\t\t\t\t<\/dd><\/dl><dl class='gallery-item'>\n\t\t\t<dt class='gallery-icon landscape'>\n\t\t\t\t<a href='https:\/\/lesvillasdherve.fr\/WordPress3\/espaces-de-vie\/salon_paris\/'><img loading=\"lazy\" decoding=\"async\" width=\"150\" height=\"150\" src=\"https:\/\/lesvillasdherve.fr\/WordPress3\/wp-content\/uploads\/2019\/06\/salon_paris-1-150x150.jpg\" class=\"attachment-thumbnail size-thumbnail\" alt=\"\" aria-describedby=\"gallery-1-815\" \/><\/a>\n\t\t\t<\/dt>\n\t\t\t\t<dd class='wp-caption-text gallery-caption' id='gallery-1-815'>\n\t\t\t\tSalon Paris\n\t\t\t\t<\/dd><\/dl><dl class='gallery-item'>\n\t\t\t<dt class='gallery-icon landscape'>\n\t\t\t\t<a href='https:\/\/lesvillasdherve.fr\/WordPress3\/espaces-de-vie\/salon_bretagne\/'><img loading=\"lazy\" decoding=\"async\" width=\"150\" height=\"150\" src=\"https:\/\/lesvillasdherve.fr\/WordPress3\/wp-content\/uploads\/2019\/06\/salon_bretagne-1-150x150.jpg\" class=\"attachment-thumbnail size-thumbnail\" alt=\"\" aria-describedby=\"gallery-1-814\" \/><\/a>\n\t\t\t<\/dt>\n\t\t\t\t<dd class='wp-caption-text gallery-caption' id='gallery-1-814'>\n\t\t\t\tSalon Bretagne\n\t\t\t\t<\/dd><\/dl><br style=\"clear: both\" \/>\n\t\t<\/div>\n\n<p style=\"text-align: center;\"><em>&nbsp; &nbsp; &nbsp; &nbsp; &nbsp; &nbsp; &nbsp; &nbsp; &nbsp; &nbsp; &nbsp; &nbsp; &nbsp; &nbsp; &nbsp; &nbsp; &nbsp; &nbsp; &nbsp; &nbsp; &nbsp; &nbsp; &nbsp; &nbsp; &nbsp; &nbsp; &nbsp; &nbsp; &nbsp; &nbsp; &nbsp; &nbsp; &nbsp; &nbsp; &nbsp; &nbsp; &nbsp; &nbsp; &nbsp; &nbsp; &nbsp; &nbsp; &nbsp; &nbsp; &nbsp; &nbsp; &nbsp; &nbsp; &nbsp; &nbsp; &nbsp; &nbsp; &nbsp; &nbsp; &nbsp; &nbsp; &nbsp;&nbsp;<\/em><\/p>\n<p><strong>La salle \u00e0 manger<\/strong> <strong>particuli\u00e8re<\/strong> permet de s&rsquo;isoler pour un repas dans l&rsquo;intimit\u00e9 familiale.<\/p>\n<div id=\"attachment_476\" style=\"width: 210px\" class=\"wp-caption aligncenter\"><a href=\"https:\/\/lesvillasdherve.fr\/WordPress3\/wp-content\/uploads\/2010\/08\/Salle_a_manger_privative.jpg\"><img loading=\"lazy\" decoding=\"async\" aria-describedby=\"caption-attachment-476\" class=\" \" title=\"Salle \u00e0 manger privative\" src=\"https:\/\/lesvillasdherve.fr\/WordPress3\/wp-content\/uploads\/2010\/08\/Salle_a_manger_privative.jpg\" alt=\"Salle \u00e0 manger privative\" width=\"200\" height=\"150\"><\/a><p id=\"caption-attachment-476\" class=\"wp-caption-text\">Salle \u00e0 manger privative<\/p><\/div>\n<p style=\"text-align: left;\"><strong>Les 2 salles de restauration<\/strong> spacieuses et lumineuses permettent d&rsquo;organiser les repas adapt\u00e9s aux r\u00e9sidents avec les diff\u00e9rents degr\u00e9s d&rsquo;autonomie, autour des tables \u00e0 cinq personnes.<\/p>\n<div style=\"width: 210px\" class=\"wp-caption aligncenter\"><a href=\"https:\/\/lesvillasdherve.fr\/WordPress3\/wp-content\/uploads\/2010\/08\/Salle_a_manger_rouge1-150x150.jpg\"><img loading=\"lazy\" decoding=\"async\" class=\" \" title=\"Salle \u00e0 manger rouge\" src=\"https:\/\/lesvillasdherve.fr\/WordPress3\/wp-content\/uploads\/2010\/08\/Salle_a_manger_rouge1-150x150.jpg\" alt=\"Salle \u00e0 manger rouge\" width=\"200\" height=\"150\"><\/a><p class=\"wp-caption-text\">Salle \u00e0 manger rouge<\/p><\/div>\n\n\n<p><\/p>\n","protected":false},"excerpt":{"rendered":"<p>&#8230; pour le bien-\u00eatre des r\u00e9sidents Le hall d\u2019accueil&nbsp;est le lieu de premi\u00e8re rencontre avec l\u2019\u00e9tablissement. Un agent d\u2019accueil est pr\u00e9sent pour r\u00e9pondre \u00e0 toutes vos questions.&nbsp; &nbsp; La salle d\u2019animation&nbsp;est toujours ouverte pour les activit\u00e9s quotidiennes et les manifestations th\u00e9matiques (anniversaires, f\u00eates calendaires, soir\u00e9es musicales, rencontres interg\u00e9n\u00e9rationnelles\u2026).&nbsp; &nbsp; &nbsp;Les salons privatifs favorisent les relations [&hellip;]<\/p>\n","protected":false},"author":1,"featured_media":0,"parent":0,"menu_order":3,"comment_status":"closed","ping_status":"closed","template":"","meta":{"footnotes":""},"class_list":["post-99","page","type-page","status-publish","hentry","post-preview"],"aioseo_notices":[],"_links":{"self":[{"href":"https:\/\/lesvillasdherve.fr\/WordPress3\/wp-json\/wp\/v2\/pages\/99","targetHints":{"allow":["GET"]}}],"collection":[{"href":"https:\/\/lesvillasdherve.fr\/WordPress3\/wp-json\/wp\/v2\/pages"}],"about":[{"href":"https:\/\/lesvillasdherve.fr\/WordPress3\/wp-json\/wp\/v2\/types\/page"}],"author":[{"embeddable":true,"href":"https:\/\/lesvillasdherve.fr\/WordPress3\/wp-json\/wp\/v2\/users\/1"}],"replies":[{"embeddable":true,"href":"https:\/\/lesvillasdherve.fr\/WordPress3\/wp-json\/wp\/v2\/comments?post=99"}],"version-history":[{"count":14,"href":"https:\/\/lesvillasdherve.fr\/WordPress3\/wp-json\/wp\/v2\/pages\/99\/revisions"}],"predecessor-version":[{"id":819,"href":"https:\/\/lesvillasdherve.fr\/WordPress3\/wp-json\/wp\/v2\/pages\/99\/revisions\/819"}],"wp:attachment":[{"href":"https:\/\/lesvillasdherve.fr\/WordPress3\/wp-json\/wp\/v2\/media?parent=99"}],"curies":[{"name":"wp","href":"https:\/\/api.w.org\/{rel}","templated":true}]}}